{"id":5300,"date":"2023-01-18T10:58:47","date_gmt":"2023-01-18T10:58:47","guid":{"rendered":"https:\/\/amberdistribution.lv\/?post_type=product&#038;p=5300"},"modified":"2024-08-19T07:13:42","modified_gmt":"2024-08-19T07:13:42","slug":"diablo-black-cabernet-sauvignon","status":"publish","type":"product","link":"https:\/\/amberdistribution.lv\/lv\/product\/diablo-black-cabernet-sauvignon\/","title":{"rendered":"Diablo Black Cabernet Sauvignon"},"content":{"rendered":"<p>Augstas kvalit\u0101tes sausais sarkanv\u012bns no \u010c\u012bles, Maule ielejas. Intens\u012bvi tum\u0161o ogu arom\u0101ti savijas ar elegant\u0101m tum\u0161\u0101s \u0161okol\u0101des not\u012bm. Bag\u0101t\u012bga, noapa\u013cota gar\u0161a ar maigiem tan\u012bniem. Ide\u0101li sader\u0113s ar \u00a0gar\u0161viel\u0101m bag\u0101tiem sarkan\u0101s ga\u013cas \u0113dieniem.<\/p>\n","protected":false},"excerpt":{"rendered":"<p>Augstas kvalit\u0101tes sausais sarkanv\u012bns no \u010c\u012bles, Maule ielejas. Intens\u012bvi tum\u0161o ogu arom\u0101ti savijas ar elegant\u0101m tum\u0161\u0101s \u0161okol\u0101des not\u012bm. Bag\u0101t\u012bga, noapa\u013cota gar\u0161a ar maigiem tan\u012bniem. Ide\u0101li sader\u0113s ar \u00a0gar\u0161viel\u0101m bag\u0101tiem sarkan\u0101s...<\/p>\n","protected":false},"featured_media":6911,"template":"","meta":[],"product_cat":[418,425],"product_tag":[],"acf":[],"_links":{"self":[{"href":"https:\/\/amberdistribution.lv\/lv\/wp-json\/wp\/v2\/product\/5300"}],"collection":[{"href":"https:\/\/amberdistribution.lv\/lv\/wp-json\/wp\/v2\/product"}],"about":[{"href":"https:\/\/amberdistribution.lv\/lv\/wp-json\/wp\/v2\/types\/product"}],"wp:featuredmedia":[{"embeddable":true,"href":"https:\/\/amberdistribution.lv\/lv\/wp-json\/wp\/v2\/media\/6911"}],"wp:attachment":[{"href":"https:\/\/amberdistribution.lv\/lv\/wp-json\/wp\/v2\/media?parent=5300"}],"wp:term":[{"taxonomy":"product_cat","embeddable":true,"href":"https:\/\/amberdistribution.lv\/lv\/wp-json\/wp\/v2\/product_cat?post=5300"},{"taxonomy":"product_tag","embeddable":true,"href":"https:\/\/amberdistribution.lv\/lv\/wp-json\/wp\/v2\/product_tag?post=5300"}],"curies":[{"name":"wp","href":"https:\/\/api.w.org\/{rel}","templated":true}]}}